{"id":7184,"date":"2022-09-19T05:22:05","date_gmt":"2022-09-19T05:22:05","guid":{"rendered":"http:\/\/parafiarussocice.pl\/?page_id=7184"},"modified":"2022-09-19T05:22:05","modified_gmt":"2022-09-19T05:22:05","slug":"swieto-pieczonego-ziemniaka-tarnowski-mlyn","status":"publish","type":"page","link":"http:\/\/parafiarussocice.pl\/index.php\/swieto-pieczonego-ziemniaka-tarnowski-mlyn\/","title":{"rendered":"\u015awi\u0119to Pieczonego Ziemniaka Tarnowski M\u0142yn"},"content":{"rendered":"<p>W niedziel\u0119, 11 wrze\u015bnia, Tarnowski M\u0142yn tradycyjnie obchodzi\u0142 \u015awi\u0119to Pieczonego Ziemniaka. \u015awi\u0119to rozpocz\u0119\u0142o si\u0119 od uroczystej Mszy \u015bw. dzi\u0119kczynnej za tegoroczne plony.<\/p>\n<!-- default-view.php -->\n<div\n\tclass=\"ngg-galleryoverview default-view \"\n\tid=\"ngg-gallery-db9713a365335dda01a5cd8ff199a339-1\">\n\n\t\t<!-- Thumbnails -->\n\t\t\t\t<div id=\"ngg-image-0\" class=\"ngg-gallery-thumbnail-box \" >\n\t\t\t\t        <div class=\"ngg-gallery-thumbnail\">\n            <a href=\"http:\/\/parafiarussocice.pl\/wp-content\/gallery\/swieto-pieczonego-ziemniaka-tarnowski-mlyn\/DSC_0034.JPG\"\n               title=\"\"\n               data-src=\"http:\/\/parafiarussocice.pl\/wp-content\/gallery\/swieto-pieczonego-ziemniaka-tarnowski-mlyn\/DSC_0034.JPG\"\n               data-thumbnail=\"http:\/\/parafiarussocice.pl\/wp-content\/gallery\/swieto-pieczonego-ziemniaka-tarnowski-mlyn\/thumbs\/thumbs_DSC_0034.JPG\"\n               data-image-id=\"1647\"\n               data-title=\"DSC_0034\"\n               data-description=\"\"\n               data-image-slug=\"dsc_0034\"\n               class=\"ngg-simplelightbox\" rel=\"db9713a365335dda01a5cd8ff199a339\">\n                <img\n                    title=\"DSC_0034\"\n                    alt=\"DSC_0034\"\n                    src=\"http:\/\/parafiarussocice.pl\/wp-content\/gallery\/swieto-pieczonego-ziemniaka-tarnowski-mlyn\/thumbs\/thumbs_DSC_0034.JPG\"\n                    width=\"240\"\n                    height=\"160\"\n                    style=\"max-width:100%;\"\n                \/>\n            <\/a>\n        <\/div>\n\t\t\t\t\t\t\t<\/div> \n\t\t\t\n\t\t\t\t<div id=\"ngg-image-1\" class=\"ngg-gallery-thumbnail-box \" >\n\t\t\t\t        <div class=\"ngg-gallery-thumbnail\">\n            <a href=\"http:\/\/parafiarussocice.pl\/wp-content\/gallery\/swieto-pieczonego-ziemniaka-tarnowski-mlyn\/DSC_0006.JPG\"\n               title=\"\"\n               data-src=\"http:\/\/parafiarussocice.pl\/wp-content\/gallery\/swieto-pieczonego-ziemniaka-tarnowski-mlyn\/DSC_0006.JPG\"\n               data-thumbnail=\"http:\/\/parafiarussocice.pl\/wp-content\/gallery\/swieto-pieczonego-ziemniaka-tarnowski-mlyn\/thumbs\/thumbs_DSC_0006.JPG\"\n               data-image-id=\"1648\"\n               data-title=\"DSC_0006\"\n               data-description=\"\"\n               data-image-slug=\"dsc_0006\"\n               class=\"ngg-simplelightbox\" rel=\"db9713a365335dda01a5cd8ff199a339\">\n                <img\n                    title=\"DSC_0006\"\n                    alt=\"DSC_0006\"\n                    src=\"http:\/\/parafiarussocice.pl\/wp-content\/gallery\/swieto-pieczonego-ziemniaka-tarnowski-mlyn\/thumbs\/thumbs_DSC_0006.JPG\"\n                    width=\"240\"\n                    height=\"160\"\n                    style=\"max-width:100%;\"\n                \/>\n            <\/a>\n        <\/div>\n\t\t\t\t\t\t\t<\/div> \n\t\t\t\n\t\t\t\t<div id=\"ngg-image-2\" class=\"ngg-gallery-thumbnail-box \" >\n\t\t\t\t        <div class=\"ngg-gallery-thumbnail\">\n            <a href=\"http:\/\/parafiarussocice.pl\/wp-content\/gallery\/swieto-pieczonego-ziemniaka-tarnowski-mlyn\/DSC_0003.JPG\"\n               title=\"\"\n               data-src=\"http:\/\/parafiarussocice.pl\/wp-content\/gallery\/swieto-pieczonego-ziemniaka-tarnowski-mlyn\/DSC_0003.JPG\"\n               data-thumbnail=\"http:\/\/parafiarussocice.pl\/wp-content\/gallery\/swieto-pieczonego-ziemniaka-tarnowski-mlyn\/thumbs\/thumbs_DSC_0003.JPG\"\n               data-image-id=\"1649\"\n               data-title=\"DSC_0003\"\n               data-description=\"\"\n               data-image-slug=\"dsc_0003\"\n               class=\"ngg-simplelightbox\" rel=\"db9713a365335dda01a5cd8ff199a339\">\n                <img\n                    title=\"DSC_0003\"\n                    alt=\"DSC_0003\"\n                    src=\"http:\/\/parafiarussocice.pl\/wp-content\/gallery\/swieto-pieczonego-ziemniaka-tarnowski-mlyn\/thumbs\/thumbs_DSC_0003.JPG\"\n                    width=\"240\"\n                    height=\"160\"\n                    style=\"max-width:100%;\"\n                \/>\n            <\/a>\n        <\/div>\n\t\t\t\t\t\t\t<\/div> \n\t\t\t\n\t\t\t\t<div id=\"ngg-image-3\" class=\"ngg-gallery-thumbnail-box \" >\n\t\t\t\t        <div class=\"ngg-gallery-thumbnail\">\n            <a href=\"http:\/\/parafiarussocice.pl\/wp-content\/gallery\/swieto-pieczonego-ziemniaka-tarnowski-mlyn\/DSC_0031.JPG\"\n               title=\"\"\n               data-src=\"http:\/\/parafiarussocice.pl\/wp-content\/gallery\/swieto-pieczonego-ziemniaka-tarnowski-mlyn\/DSC_0031.JPG\"\n               data-thumbnail=\"http:\/\/parafiarussocice.pl\/wp-content\/gallery\/swieto-pieczonego-ziemniaka-tarnowski-mlyn\/thumbs\/thumbs_DSC_0031.JPG\"\n               data-image-id=\"1650\"\n               data-title=\"DSC_0031\"\n               data-description=\"\"\n               data-image-slug=\"dsc_0031\"\n               class=\"ngg-simplelightbox\" rel=\"db9713a365335dda01a5cd8ff199a339\">\n                <img\n                    title=\"DSC_0031\"\n                    alt=\"DSC_0031\"\n                    src=\"http:\/\/parafiarussocice.pl\/wp-content\/gallery\/swieto-pieczonego-ziemniaka-tarnowski-mlyn\/thumbs\/thumbs_DSC_0031.JPG\"\n                    width=\"240\"\n                    height=\"160\"\n                    style=\"max-width:100%;\"\n                \/>\n            <\/a>\n        <\/div>\n\t\t\t\t\t\t\t<\/div> \n\t\t\t\n\t\t\t\t<div id=\"ngg-image-4\" class=\"ngg-gallery-thumbnail-box \" >\n\t\t\t\t        <div class=\"ngg-gallery-thumbnail\">\n            <a href=\"http:\/\/parafiarussocice.pl\/wp-content\/gallery\/swieto-pieczonego-ziemniaka-tarnowski-mlyn\/DSC_0029.JPG\"\n               title=\"\"\n               data-src=\"http:\/\/parafiarussocice.pl\/wp-content\/gallery\/swieto-pieczonego-ziemniaka-tarnowski-mlyn\/DSC_0029.JPG\"\n               data-thumbnail=\"http:\/\/parafiarussocice.pl\/wp-content\/gallery\/swieto-pieczonego-ziemniaka-tarnowski-mlyn\/thumbs\/thumbs_DSC_0029.JPG\"\n               data-image-id=\"1651\"\n               data-title=\"DSC_0029\"\n               data-description=\"\"\n               data-image-slug=\"dsc_0029\"\n               class=\"ngg-simplelightbox\" rel=\"db9713a365335dda01a5cd8ff199a339\">\n                <img\n                    title=\"DSC_0029\"\n                    alt=\"DSC_0029\"\n                    src=\"http:\/\/parafiarussocice.pl\/wp-content\/gallery\/swieto-pieczonego-ziemniaka-tarnowski-mlyn\/thumbs\/thumbs_DSC_0029.JPG\"\n                    width=\"240\"\n                    height=\"160\"\n                    style=\"max-width:100%;\"\n                \/>\n            <\/a>\n        <\/div>\n\t\t\t\t\t\t\t<\/div> \n\t\t\t\n\t\t\t\t<div id=\"ngg-image-5\" class=\"ngg-gallery-thumbnail-box \" >\n\t\t\t\t        <div class=\"ngg-gallery-thumbnail\">\n            <a href=\"http:\/\/parafiarussocice.pl\/wp-content\/gallery\/swieto-pieczonego-ziemniaka-tarnowski-mlyn\/DSC_0030.JPG\"\n               title=\"\"\n               data-src=\"http:\/\/parafiarussocice.pl\/wp-content\/gallery\/swieto-pieczonego-ziemniaka-tarnowski-mlyn\/DSC_0030.JPG\"\n               data-thumbnail=\"http:\/\/parafiarussocice.pl\/wp-content\/gallery\/swieto-pieczonego-ziemniaka-tarnowski-mlyn\/thumbs\/thumbs_DSC_0030.JPG\"\n               data-image-id=\"1652\"\n               data-title=\"DSC_0030\"\n               data-description=\"\"\n               data-image-slug=\"dsc_0030\"\n               class=\"ngg-simplelightbox\" rel=\"db9713a365335dda01a5cd8ff199a339\">\n                <img\n                    title=\"DSC_0030\"\n                    alt=\"DSC_0030\"\n                    src=\"http:\/\/parafiarussocice.pl\/wp-content\/gallery\/swieto-pieczonego-ziemniaka-tarnowski-mlyn\/thumbs\/thumbs_DSC_0030.JPG\"\n                    width=\"240\"\n                    height=\"160\"\n                    style=\"max-width:100%;\"\n                \/>\n            <\/a>\n        <\/div>\n\t\t\t\t\t\t\t<\/div> \n\t\t\t\n\t\t\t\t<div id=\"ngg-image-6\" class=\"ngg-gallery-thumbnail-box \" >\n\t\t\t\t        <div class=\"ngg-gallery-thumbnail\">\n            <a href=\"http:\/\/parafiarussocice.pl\/wp-content\/gallery\/swieto-pieczonego-ziemniaka-tarnowski-mlyn\/DSC_0038.JPG\"\n               title=\"\"\n               data-src=\"http:\/\/parafiarussocice.pl\/wp-content\/gallery\/swieto-pieczonego-ziemniaka-tarnowski-mlyn\/DSC_0038.JPG\"\n               data-thumbnail=\"http:\/\/parafiarussocice.pl\/wp-content\/gallery\/swieto-pieczonego-ziemniaka-tarnowski-mlyn\/thumbs\/thumbs_DSC_0038.JPG\"\n               data-image-id=\"1653\"\n               data-title=\"DSC_0038\"\n               data-description=\"\"\n               data-image-slug=\"dsc_0038\"\n               class=\"ngg-simplelightbox\" rel=\"db9713a365335dda01a5cd8ff199a339\">\n                <img\n                    title=\"DSC_0038\"\n                    alt=\"DSC_0038\"\n                    src=\"http:\/\/parafiarussocice.pl\/wp-content\/gallery\/swieto-pieczonego-ziemniaka-tarnowski-mlyn\/thumbs\/thumbs_DSC_0038.JPG\"\n                    width=\"240\"\n                    height=\"160\"\n                    style=\"max-width:100%;\"\n                \/>\n            <\/a>\n        <\/div>\n\t\t\t\t\t\t\t<\/div> \n\t\t\t\n\t\t\t\t<div id=\"ngg-image-7\" class=\"ngg-gallery-thumbnail-box \" >\n\t\t\t\t        <div class=\"ngg-gallery-thumbnail\">\n            <a href=\"http:\/\/parafiarussocice.pl\/wp-content\/gallery\/swieto-pieczonego-ziemniaka-tarnowski-mlyn\/DSC_0051.JPG\"\n               title=\"\"\n               data-src=\"http:\/\/parafiarussocice.pl\/wp-content\/gallery\/swieto-pieczonego-ziemniaka-tarnowski-mlyn\/DSC_0051.JPG\"\n               data-thumbnail=\"http:\/\/parafiarussocice.pl\/wp-content\/gallery\/swieto-pieczonego-ziemniaka-tarnowski-mlyn\/thumbs\/thumbs_DSC_0051.JPG\"\n               data-image-id=\"1654\"\n               data-title=\"DSC_0051\"\n               data-description=\"\"\n               data-image-slug=\"dsc_0051\"\n               class=\"ngg-simplelightbox\" rel=\"db9713a365335dda01a5cd8ff199a339\">\n                <img\n                    title=\"DSC_0051\"\n                    alt=\"DSC_0051\"\n                    src=\"http:\/\/parafiarussocice.pl\/wp-content\/gallery\/swieto-pieczonego-ziemniaka-tarnowski-mlyn\/thumbs\/thumbs_DSC_0051.JPG\"\n                    width=\"240\"\n                    height=\"160\"\n                    style=\"max-width:100%;\"\n                \/>\n            <\/a>\n        <\/div>\n\t\t\t\t\t\t\t<\/div> \n\t\t\t\n\t\t\t\t<div id=\"ngg-image-8\" class=\"ngg-gallery-thumbnail-box \" >\n\t\t\t\t        <div class=\"ngg-gallery-thumbnail\">\n            <a href=\"http:\/\/parafiarussocice.pl\/wp-content\/gallery\/swieto-pieczonego-ziemniaka-tarnowski-mlyn\/DSC_0068.JPG\"\n               title=\"\"\n               data-src=\"http:\/\/parafiarussocice.pl\/wp-content\/gallery\/swieto-pieczonego-ziemniaka-tarnowski-mlyn\/DSC_0068.JPG\"\n               data-thumbnail=\"http:\/\/parafiarussocice.pl\/wp-content\/gallery\/swieto-pieczonego-ziemniaka-tarnowski-mlyn\/thumbs\/thumbs_DSC_0068.JPG\"\n               data-image-id=\"1655\"\n               data-title=\"DSC_0068\"\n               data-description=\"\"\n               data-image-slug=\"dsc_0068-1\"\n               class=\"ngg-simplelightbox\" rel=\"db9713a365335dda01a5cd8ff199a339\">\n                <img\n                    title=\"DSC_0068\"\n                    alt=\"DSC_0068\"\n                    src=\"http:\/\/parafiarussocice.pl\/wp-content\/gallery\/swieto-pieczonego-ziemniaka-tarnowski-mlyn\/thumbs\/thumbs_DSC_0068.JPG\"\n                    width=\"240\"\n                    height=\"160\"\n                    style=\"max-width:100%;\"\n                \/>\n            <\/a>\n        <\/div>\n\t\t\t\t\t\t\t<\/div> \n\t\t\t\n\t\n\t<br style=\"clear: both\" \/>\n\n\t\n\t\t<!-- Pagination -->\n\t<div class='ngg-clear'><\/div>\t<\/div>\n\n","protected":false},"excerpt":{"rendered":"<p>W niedziel\u0119, 11 wrze\u015bnia, Tarnowski M\u0142yn tradycyjnie obchodzi\u0142 \u015awi\u0119to Pieczonego Ziemniaka. \u015awi\u0119to rozpocz\u0119\u0142o si\u0119 od uroczystej Mszy \u015bw. dzi\u0119kczynnej za tegoroczne plony.<\/p>\n","protected":false},"author":1,"featured_media":7186,"parent":0,"menu_order":0,"comment_status":"closed","ping_status":"closed","template":"","meta":{"ngg_post_thumbnail":0},"_links":{"self":[{"href":"http:\/\/parafiarussocice.pl\/index.php\/wp-json\/wp\/v2\/pages\/7184"}],"collection":[{"href":"http:\/\/parafiarussocice.pl\/index.php\/wp-json\/wp\/v2\/pages"}],"about":[{"href":"http:\/\/parafiarussocice.pl\/index.php\/wp-json\/wp\/v2\/types\/page"}],"author":[{"embeddable":true,"href":"http:\/\/parafiarussocice.pl\/index.php\/wp-json\/wp\/v2\/users\/1"}],"replies":[{"embeddable":true,"href":"http:\/\/parafiarussocice.pl\/index.php\/wp-json\/wp\/v2\/comments?post=7184"}],"version-history":[{"count":1,"href":"http:\/\/parafiarussocice.pl\/index.php\/wp-json\/wp\/v2\/pages\/7184\/revisions"}],"predecessor-version":[{"id":7189,"href":"http:\/\/parafiarussocice.pl\/index.php\/wp-json\/wp\/v2\/pages\/7184\/revisions\/7189"}],"wp:featuredmedia":[{"embeddable":true,"href":"http:\/\/parafiarussocice.pl\/index.php\/wp-json\/wp\/v2\/media\/7186"}],"wp:attachment":[{"href":"http:\/\/parafiarussocice.pl\/index.php\/wp-json\/wp\/v2\/media?parent=7184"}],"curies":[{"name":"wp","href":"https:\/\/api.w.org\/{rel}","templated":true}]}}