{"id":7008,"date":"2022-05-30T07:37:46","date_gmt":"2022-05-30T07:37:46","guid":{"rendered":"http:\/\/parafiarussocice.pl\/?page_id=7008"},"modified":"2022-05-30T07:43:28","modified_gmt":"2022-05-30T07:43:28","slug":"uroczystosc-nadania-imienia-sw-jana-pawla-ii-szkole-podstawowej-w-natalii","status":"publish","type":"page","link":"http:\/\/parafiarussocice.pl\/index.php\/uroczystosc-nadania-imienia-sw-jana-pawla-ii-szkole-podstawowej-w-natalii\/","title":{"rendered":"Uroczysto\u015b\u0107 nadania imienia \u015bw. Jana Paw\u0142a II i sztandaru Szkole Podstawowej w Natalii"},"content":{"rendered":"<p><span class=\"d2edcug0 hpfvmrgz qv66sw1b c1et5uql b0tq1wua a8c37x1j fe6kdd0r mau55g9w c8b282yb keod5gw0 nxhoafnm aigsh9s9 d9wwppkn hrzyx87i jq4qci2q a3bd9o3v b1v8xokw oo9gr5id hzawbc8m\" dir=\"auto\">18 maja przypada rocznica urodzin \u015bw. Jana Paw\u0142a II, kt\u00f3ry od tego dnia jest oficjalnie patronem Szko\u0142y Podstawowej w Natalii. Uroczysto\u015b\u0107 rozpocz\u0119li\u015bmy od mszy \u015bwi\u0119tej, a tak\u017ce po\u015bwi\u0119cenia sztandaru szko\u0142y oraz pami\u0105tkowej tablicy.<\/span><\/p>\n<!-- default-view.php -->\n<div\n\tclass=\"ngg-galleryoverview default-view \"\n\tid=\"ngg-gallery-06a015d7bf990120d7ccae3320b1df0d-1\">\n\n\t\t<!-- Thumbnails -->\n\t\t\t\t<div id=\"ngg-image-0\" class=\"ngg-gallery-thumbnail-box \" >\n\t\t\t\t        <div class=\"ngg-gallery-thumbnail\">\n            <a href=\"http:\/\/parafiarussocice.pl\/wp-content\/gallery\/nadanie-imienia-sp-w-natalii\/nat4.jpg\"\n               title=\"\"\n               data-src=\"http:\/\/parafiarussocice.pl\/wp-content\/gallery\/nadanie-imienia-sp-w-natalii\/nat4.jpg\"\n               data-thumbnail=\"http:\/\/parafiarussocice.pl\/wp-content\/gallery\/nadanie-imienia-sp-w-natalii\/thumbs\/thumbs_nat4.jpg\"\n               data-image-id=\"1541\"\n               data-title=\"nat4\"\n               data-description=\"\"\n               data-image-slug=\"nat4\"\n               class=\"ngg-simplelightbox\" rel=\"06a015d7bf990120d7ccae3320b1df0d\">\n                <img\n                    title=\"nat4\"\n                    alt=\"nat4\"\n                    src=\"http:\/\/parafiarussocice.pl\/wp-content\/gallery\/nadanie-imienia-sp-w-natalii\/thumbs\/thumbs_nat4.jpg\"\n                    width=\"240\"\n                    height=\"160\"\n                    style=\"max-width:100%;\"\n                \/>\n            <\/a>\n        <\/div>\n\t\t\t\t\t\t\t<\/div> \n\t\t\t\n\t\t\t\t<div id=\"ngg-image-1\" class=\"ngg-gallery-thumbnail-box \" >\n\t\t\t\t        <div class=\"ngg-gallery-thumbnail\">\n            <a href=\"http:\/\/parafiarussocice.pl\/wp-content\/gallery\/nadanie-imienia-sp-w-natalii\/nat5.jpg\"\n               title=\"\"\n               data-src=\"http:\/\/parafiarussocice.pl\/wp-content\/gallery\/nadanie-imienia-sp-w-natalii\/nat5.jpg\"\n               data-thumbnail=\"http:\/\/parafiarussocice.pl\/wp-content\/gallery\/nadanie-imienia-sp-w-natalii\/thumbs\/thumbs_nat5.jpg\"\n               data-image-id=\"1542\"\n               data-title=\"nat5\"\n               data-description=\"\"\n               data-image-slug=\"nat5\"\n               class=\"ngg-simplelightbox\" rel=\"06a015d7bf990120d7ccae3320b1df0d\">\n                <img\n                    title=\"nat5\"\n                    alt=\"nat5\"\n                    src=\"http:\/\/parafiarussocice.pl\/wp-content\/gallery\/nadanie-imienia-sp-w-natalii\/thumbs\/thumbs_nat5.jpg\"\n                    width=\"240\"\n                    height=\"160\"\n                    style=\"max-width:100%;\"\n                \/>\n            <\/a>\n        <\/div>\n\t\t\t\t\t\t\t<\/div> \n\t\t\t\n\t\t\t\t<div id=\"ngg-image-2\" class=\"ngg-gallery-thumbnail-box \" >\n\t\t\t\t        <div class=\"ngg-gallery-thumbnail\">\n            <a href=\"http:\/\/parafiarussocice.pl\/wp-content\/gallery\/nadanie-imienia-sp-w-natalii\/nat1.jpg\"\n               title=\"\"\n               data-src=\"http:\/\/parafiarussocice.pl\/wp-content\/gallery\/nadanie-imienia-sp-w-natalii\/nat1.jpg\"\n               data-thumbnail=\"http:\/\/parafiarussocice.pl\/wp-content\/gallery\/nadanie-imienia-sp-w-natalii\/thumbs\/thumbs_nat1.jpg\"\n               data-image-id=\"1543\"\n               data-title=\"nat1\"\n               data-description=\"\"\n               data-image-slug=\"nat1\"\n               class=\"ngg-simplelightbox\" rel=\"06a015d7bf990120d7ccae3320b1df0d\">\n                <img\n                    title=\"nat1\"\n                    alt=\"nat1\"\n                    src=\"http:\/\/parafiarussocice.pl\/wp-content\/gallery\/nadanie-imienia-sp-w-natalii\/thumbs\/thumbs_nat1.jpg\"\n                    width=\"240\"\n                    height=\"160\"\n                    style=\"max-width:100%;\"\n                \/>\n            <\/a>\n        <\/div>\n\t\t\t\t\t\t\t<\/div> \n\t\t\t\n\t\t\t\t<div id=\"ngg-image-3\" class=\"ngg-gallery-thumbnail-box \" >\n\t\t\t\t        <div class=\"ngg-gallery-thumbnail\">\n            <a href=\"http:\/\/parafiarussocice.pl\/wp-content\/gallery\/nadanie-imienia-sp-w-natalii\/nat3.jpg\"\n               title=\"\"\n               data-src=\"http:\/\/parafiarussocice.pl\/wp-content\/gallery\/nadanie-imienia-sp-w-natalii\/nat3.jpg\"\n               data-thumbnail=\"http:\/\/parafiarussocice.pl\/wp-content\/gallery\/nadanie-imienia-sp-w-natalii\/thumbs\/thumbs_nat3.jpg\"\n               data-image-id=\"1544\"\n               data-title=\"nat3\"\n               data-description=\"\"\n               data-image-slug=\"nat3\"\n               class=\"ngg-simplelightbox\" rel=\"06a015d7bf990120d7ccae3320b1df0d\">\n                <img\n                    title=\"nat3\"\n                    alt=\"nat3\"\n                    src=\"http:\/\/parafiarussocice.pl\/wp-content\/gallery\/nadanie-imienia-sp-w-natalii\/thumbs\/thumbs_nat3.jpg\"\n                    width=\"240\"\n                    height=\"160\"\n                    style=\"max-width:100%;\"\n                \/>\n            <\/a>\n        <\/div>\n\t\t\t\t\t\t\t<\/div> \n\t\t\t\n\t\t\t\t<div id=\"ngg-image-4\" class=\"ngg-gallery-thumbnail-box \" >\n\t\t\t\t        <div class=\"ngg-gallery-thumbnail\">\n            <a href=\"http:\/\/parafiarussocice.pl\/wp-content\/gallery\/nadanie-imienia-sp-w-natalii\/nat2.jpg\"\n               title=\"\"\n               data-src=\"http:\/\/parafiarussocice.pl\/wp-content\/gallery\/nadanie-imienia-sp-w-natalii\/nat2.jpg\"\n               data-thumbnail=\"http:\/\/parafiarussocice.pl\/wp-content\/gallery\/nadanie-imienia-sp-w-natalii\/thumbs\/thumbs_nat2.jpg\"\n               data-image-id=\"1545\"\n               data-title=\"nat2\"\n               data-description=\"\"\n               data-image-slug=\"nat2\"\n               class=\"ngg-simplelightbox\" rel=\"06a015d7bf990120d7ccae3320b1df0d\">\n                <img\n                    title=\"nat2\"\n                    alt=\"nat2\"\n                    src=\"http:\/\/parafiarussocice.pl\/wp-content\/gallery\/nadanie-imienia-sp-w-natalii\/thumbs\/thumbs_nat2.jpg\"\n                    width=\"240\"\n                    height=\"160\"\n                    style=\"max-width:100%;\"\n                \/>\n            <\/a>\n        <\/div>\n\t\t\t\t\t\t\t<\/div> \n\t\t\t\n\t\n\t<br style=\"clear: both\" \/>\n\n\t\n\t\t<!-- Pagination -->\n\t<div class='ngg-clear'><\/div>\t<\/div>\n\n","protected":false},"excerpt":{"rendered":"<p>18 maja przypada rocznica urodzin \u015bw. Jana Paw\u0142a II, kt\u00f3ry od tego dnia jest oficjalnie patronem Szko\u0142y Podstawowej w Natalii. Uroczysto\u015b\u0107 rozpocz\u0119li\u015bmy od mszy \u015bwi\u0119tej, a tak\u017ce po\u015bwi\u0119cenia sztandaru szko\u0142y oraz pami\u0105tkowej tablicy.<\/p>\n","protected":false},"author":1,"featured_media":7013,"parent":0,"menu_order":0,"comment_status":"closed","ping_status":"closed","template":"","meta":{"ngg_post_thumbnail":0},"_links":{"self":[{"href":"http:\/\/parafiarussocice.pl\/index.php\/wp-json\/wp\/v2\/pages\/7008"}],"collection":[{"href":"http:\/\/parafiarussocice.pl\/index.php\/wp-json\/wp\/v2\/pages"}],"about":[{"href":"http:\/\/parafiarussocice.pl\/index.php\/wp-json\/wp\/v2\/types\/page"}],"author":[{"embeddable":true,"href":"http:\/\/parafiarussocice.pl\/index.php\/wp-json\/wp\/v2\/users\/1"}],"replies":[{"embeddable":true,"href":"http:\/\/parafiarussocice.pl\/index.php\/wp-json\/wp\/v2\/comments?post=7008"}],"version-history":[{"count":2,"href":"http:\/\/parafiarussocice.pl\/index.php\/wp-json\/wp\/v2\/pages\/7008\/revisions"}],"predecessor-version":[{"id":7015,"href":"http:\/\/parafiarussocice.pl\/index.php\/wp-json\/wp\/v2\/pages\/7008\/revisions\/7015"}],"wp:featuredmedia":[{"embeddable":true,"href":"http:\/\/parafiarussocice.pl\/index.php\/wp-json\/wp\/v2\/media\/7013"}],"wp:attachment":[{"href":"http:\/\/parafiarussocice.pl\/index.php\/wp-json\/wp\/v2\/media?parent=7008"}],"curies":[{"name":"wp","href":"https:\/\/api.w.org\/{rel}","templated":true}]}}